{"id":208,"date":"2013-01-14T20:55:48","date_gmt":"2013-01-14T20:55:48","guid":{"rendered":"http:\/\/gillgren.se\/?page_id=208"},"modified":"2013-01-14T21:00:51","modified_gmt":"2013-01-14T21:00:51","slug":"2012-blommor-under-aret","status":"publish","type":"page","link":"http:\/\/gillgren.se\/?page_id=208","title":{"rendered":"2012 Blommor under \u00e5ret"},"content":{"rendered":"<p>Lite blandade blommor tagna under 2012.<\/p>\n<figure id=\"attachment_210\" aria-describedby=\"caption-attachment-210\" style=\"width: 640px\" class=\"wp-caption alignnone\"><img decoding=\"async\" loading=\"lazy\" class=\"size-full wp-image-210\" alt=\"p\u00e5skblommor\" src=\"http:\/\/media.gillgren.se\/2013\/01\/20120405_0189.jpg\" width=\"650\" height=\"433\" \/><figcaption id=\"caption-attachment-210\" class=\"wp-caption-text\">P\u00e5skblommor i april<\/figcaption><\/figure>\n<p>&nbsp;<\/p>\n<figure id=\"attachment_211\" aria-describedby=\"caption-attachment-211\" style=\"width: 640px\" class=\"wp-caption alignnone\"><img decoding=\"async\" loading=\"lazy\" class=\"size-full wp-image-211\" alt=\"5 april, Bl\u00e5sippor i Sandviken\" src=\"http:\/\/media.gillgren.se\/2013\/01\/20120405_0226.jpg\" width=\"650\" height=\"433\" \/><figcaption id=\"caption-attachment-211\" class=\"wp-caption-text\">5 april, Bl\u00e5sippor i Sandviken<\/figcaption><\/figure>\n<p><img decoding=\"async\" loading=\"lazy\" class=\"size-full wp-image-212\" alt=\"c\" src=\"http:\/\/media.gillgren.se\/2013\/01\/20120415_2127.jpg\" width=\"650\" height=\"488\" srcset=\"http:\/\/media.gillgren.se\/2013\/01\/20120415_2127.jpg 650w, http:\/\/media.gillgren.se\/2013\/01\/20120415_2127-599x450.jpg 599w\" sizes=\"(max-width: 650px) 100vw, 650px\" \/><\/p>\n<p>&nbsp;<\/p>\n<figure id=\"attachment_213\" aria-describedby=\"caption-attachment-213\" style=\"width: 640px\" class=\"wp-caption alignnone\"><img decoding=\"async\" loading=\"lazy\" class=\"size-full wp-image-213\" alt=\"15 april, Pelargoner\" src=\"http:\/\/media.gillgren.se\/2013\/01\/20120415_2115.jpg\" width=\"650\" height=\"488\" srcset=\"http:\/\/media.gillgren.se\/2013\/01\/20120415_2115.jpg 650w, http:\/\/media.gillgren.se\/2013\/01\/20120415_2115-599x450.jpg 599w\" sizes=\"(max-width: 650px) 100vw, 650px\" \/><figcaption id=\"caption-attachment-213\" class=\"wp-caption-text\">15 april, Pelargoner<\/figcaption><\/figure>\n<p><img decoding=\"async\" loading=\"lazy\" class=\"size-full wp-image-214\" alt=\"28 april, v\u00e5rbacke i Backensudd, Gustavsberg\" src=\"http:\/\/media.gillgren.se\/2013\/01\/20120428_0339.jpg\" width=\"650\" height=\"433\" \/><\/p>\n<p>&nbsp;<\/p>\n<figure id=\"attachment_215\" aria-describedby=\"caption-attachment-215\" style=\"width: 640px\" class=\"wp-caption alignnone\"><img decoding=\"async\" loading=\"lazy\" class=\"size-full wp-image-215\" alt=\"28 april, Bl\u00e5sippor i Backensudd\" src=\"http:\/\/media.gillgren.se\/2013\/01\/20120428_0361.jpg\" width=\"650\" height=\"433\" \/><figcaption id=\"caption-attachment-215\" class=\"wp-caption-text\">28 april, Bl\u00e5sippor i Backensudd<\/figcaption><\/figure>\n<p><img decoding=\"async\" loading=\"lazy\" class=\"size-full wp-image-217\" alt=\"16 maj, \u00c4ppelblommor i tr\u00e4dg\u00e5rden\" src=\"http:\/\/media.gillgren.se\/2013\/01\/20120516_0416.jpg\" width=\"650\" height=\"433\" \/><\/p>\n<p>&nbsp;<\/p>\n<\/div>\n<figure id=\"attachment_218\" aria-describedby=\"caption-attachment-218\" style=\"width: 640px\" class=\"wp-caption alignnone\"><img decoding=\"async\" loading=\"lazy\" class=\"size-full wp-image-218\" alt=\"10 Juni, Kv\u00e4llsljus p\u00e5 Rhododendron\" src=\"http:\/\/media.gillgren.se\/2013\/01\/20120610_0437.jpg\" width=\"650\" height=\"433\" \/><figcaption id=\"caption-attachment-218\" class=\"wp-caption-text\">10 Juni, Kv\u00e4llsljus p\u00e5 Rhododendron<\/figcaption><\/figure>\n<p><img decoding=\"async\" loading=\"lazy\" class=\"size-full wp-image-219\" alt=\"9 Juli, sommarblommor\" src=\"http:\/\/media.gillgren.se\/2013\/01\/20120709_0465.jpg\" width=\"650\" height=\"433\" \/><\/p>\n<p>&nbsp;<\/p>\n<\/div>\n<p><img decoding=\"async\" loading=\"lazy\" class=\"size-full wp-image-221\" alt=\"8 September, h\u00f6stblommor p\u00e5 G\u00e4lln\u00f6\" src=\"http:\/\/media.gillgren.se\/2013\/01\/20120908_0749.jpg\" width=\"650\" height=\"488\" srcset=\"http:\/\/media.gillgren.se\/2013\/01\/20120908_0749.jpg 650w, http:\/\/media.gillgren.se\/2013\/01\/20120908_0749-599x450.jpg 599w\" sizes=\"(max-width: 650px) 100vw, 650px\" \/><\/p>\n<p>&nbsp;<\/p>\n<figure id=\"attachment_222\" aria-describedby=\"caption-attachment-222\" style=\"width: 640px\" class=\"wp-caption alignnone\"><img decoding=\"async\" loading=\"lazy\" class=\"size-full wp-image-222\" alt=\"8 December, Julkrans p\u00e5 Ljuser\u00f6\" src=\"http:\/\/media.gillgren.se\/2013\/01\/20121208_1224.jpg\" width=\"650\" height=\"583\" srcset=\"http:\/\/media.gillgren.se\/2013\/01\/20121208_1224.jpg 650w, http:\/\/media.gillgren.se\/2013\/01\/20121208_1224-501x450.jpg 501w\" sizes=\"(max-width: 650px) 100vw, 650px\" \/><figcaption id=\"caption-attachment-222\" class=\"wp-caption-text\">8 December, Julkrans p\u00e5 Ljuser\u00f6<\/figcaption><\/figure>\n<p>&nbsp;<\/p>\n","protected":false},"excerpt":{"rendered":"<p>Lite blandade blommor tagna under 2012. &nbsp; &nbsp; &nbsp; &nbsp; &nbsp; &nbsp; &nbsp;<\/p>\n","protected":false},"author":1,"featured_media":0,"parent":158,"menu_order":2,"comment_status":"closed","ping_status":"closed","template":"","meta":[],"_links":{"self":[{"href":"http:\/\/gillgren.se\/index.php?rest_route=\/wp\/v2\/pages\/208"}],"collection":[{"href":"http:\/\/gillgren.se\/index.php?rest_route=\/wp\/v2\/pages"}],"about":[{"href":"http:\/\/gillgren.se\/index.php?rest_route=\/wp\/v2\/types\/page"}],"author":[{"embeddable":true,"href":"http:\/\/gillgren.se\/index.php?rest_route=\/wp\/v2\/users\/1"}],"replies":[{"embeddable":true,"href":"http:\/\/gillgren.se\/index.php?rest_route=%2Fwp%2Fv2%2Fcomments&post=208"}],"version-history":[{"count":4,"href":"http:\/\/gillgren.se\/index.php?rest_route=\/wp\/v2\/pages\/208\/revisions"}],"predecessor-version":[{"id":231,"href":"http:\/\/gillgren.se\/index.php?rest_route=\/wp\/v2\/pages\/208\/revisions\/231"}],"up":[{"embeddable":true,"href":"http:\/\/gillgren.se\/index.php?rest_route=\/wp\/v2\/pages\/158"}],"wp:attachment":[{"href":"http:\/\/gillgren.se\/index.php?rest_route=%2Fwp%2Fv2%2Fmedia&parent=208"}],"curies":[{"name":"wp","href":"https:\/\/api.w.org\/{rel}","templated":true}]}}